{"id":11927,"date":"2019-03-22T20:24:54","date_gmt":"2019-03-22T19:24:54","guid":{"rendered":"https:\/\/escalar.it\/?page_id=11927"},"modified":"2026-03-13T12:49:27","modified_gmt":"2026-03-13T11:49:27","slug":"stefano-selbmann","status":"publish","type":"page","link":"https:\/\/escalar.it\/en\/our-attorneys\/stefano-selbmann\/","title":{"rendered":"Stefano Selbmann"},"content":{"rendered":"<style type=\"text\/css\" data-type=\"vc_cmsms_shortcodes-custom-css\"><\/style><p>[vc_row css=&#8221;.vc_custom_1523972564928{padding-top: 70px !important;padding-bottom: 10px !important;}&#8221;][vc_column css=&#8221;.vc_custom_1523972438973{margin-bottom: 0px !important;}&#8221;][vc_custom_heading text=&#8221;Stefano Selbmann&#8221; use_theme_fonts=&#8221;yes&#8221; css=&#8221;.vc_custom_1553282634533{margin-bottom: 0px !important;padding-bottom: 0px !important;}&#8221;][vc_custom_heading text=&#8221;Partner, Attorney&#8221; font_container=&#8221;tag:h2|font_size:16|text_align:left|color:%23b59b27&#8243; use_theme_fonts=&#8221;yes&#8221; css=&#8221;.vc_custom_1554045432075{margin-top: 0px !important;margin-bottom: 0px !important;padding-bottom: 0px !important;}&#8221;][\/vc_column][\/vc_row][vc_row gap=&#8221;35&#8243; css=&#8221;.vc_custom_1523976294937{margin-top: 0px !important;padding-top: 0px !important;padding-bottom: 30px !important;}&#8221;][vc_column width=&#8221;2\/3&#8243; css=&#8221;.vc_custom_1523972492860{margin-top: 0px !important;padding-top: 0px !important;}&#8221;][vc_single_image image=&#8221;9696&#8243; img_size=&#8221;full&#8221;][vc_column_text]Stefano Selbmann is a Partner of <em>Escalar e Associati<\/em> Law Firm.<\/p>\n<p data-start=\"198\" data-end=\"530\"><span class=\"BZ_Pyq_fadeIn\">He <\/span><span class=\"BZ_Pyq_fadeIn\">specialises <\/span><span class=\"BZ_Pyq_fadeIn\">in P<\/span><span class=\"BZ_Pyq_fadeIn\">rocedural T<\/span><span class=\"BZ_Pyq_fadeIn\">ax L<\/span><span class=\"BZ_Pyq_fadeIn\">aw, I<\/span><span class=\"BZ_Pyq_fadeIn\">nternational T<\/span><span class=\"BZ_Pyq_fadeIn\">axation, C<\/span><span class=\"BZ_Pyq_fadeIn\">orporate <\/span><span class=\"BZ_Pyq_fadeIn\">and G<\/span><span class=\"BZ_Pyq_fadeIn\">roup T<\/span><span class=\"BZ_Pyq_fadeIn\">axation, R<\/span><span class=\"BZ_Pyq_fadeIn\">eal E<\/span><span class=\"BZ_Pyq_fadeIn\">state T<\/span><span class=\"BZ_Pyq_fadeIn\">axation <\/span><span class=\"BZ_Pyq_fadeIn\">and I<\/span><span class=\"BZ_Pyq_fadeIn\">ndirect T<\/span><span class=\"BZ_Pyq_fadeIn\">axation. <\/span><span class=\"BZ_Pyq_fadeIn\">He <\/span><span class=\"BZ_Pyq_fadeIn\">represents <\/span><span class=\"BZ_Pyq_fadeIn\">and <\/span><span class=\"BZ_Pyq_fadeIn\">assists <\/span><span class=\"BZ_Pyq_fadeIn\">clients <\/span><span class=\"BZ_Pyq_fadeIn\">in <\/span><span class=\"BZ_Pyq_fadeIn\">tax <\/span><span class=\"BZ_Pyq_fadeIn\">investigations <\/span><span class=\"BZ_Pyq_fadeIn\">and <\/span><span class=\"BZ_Pyq_fadeIn\">tax <\/span><span class=\"BZ_Pyq_fadeIn\">procedures, <\/span><span class=\"BZ_Pyq_fadeIn\">as <\/span><span class=\"BZ_Pyq_fadeIn\">well <\/span><span class=\"BZ_Pyq_fadeIn\">as <\/span><span class=\"BZ_Pyq_fadeIn\">in <\/span><span class=\"BZ_Pyq_fadeIn\">litigation <\/span><span class=\"BZ_Pyq_fadeIn\">before <\/span><span class=\"BZ_Pyq_fadeIn\">the <\/span><span class=\"BZ_Pyq_fadeIn\">Italian <\/span><span class=\"BZ_Pyq_fadeIn\">Tax <\/span><span class=\"BZ_Pyq_fadeIn\">Courts, <\/span><span class=\"BZ_Pyq_fadeIn\">and <\/span><span class=\"BZ_Pyq_fadeIn\">provides <\/span><span class=\"BZ_Pyq_fadeIn\">ongoing <\/span><span class=\"BZ_Pyq_fadeIn\">legal <\/span><span class=\"BZ_Pyq_fadeIn\">advice <\/span><span class=\"BZ_Pyq_fadeIn\">and <\/span><span class=\"BZ_Pyq_fadeIn\">assistance <\/span><span class=\"BZ_Pyq_fadeIn\">in <\/span><span class=\"BZ_Pyq_fadeIn\">tax <\/span><span class=\"BZ_Pyq_fadeIn\">matters.<\/span><\/p>\n<p data-start=\"532\" data-end=\"609\"><span class=\"BZ_Pyq_fadeIn\">He <\/span><span class=\"BZ_Pyq_fadeIn\">has <\/span><span class=\"BZ_Pyq_fadeIn\">been <\/span><span class=\"BZ_Pyq_fadeIn\">a <\/span><span class=\"BZ_Pyq_fadeIn\">member <\/span><span class=\"BZ_Pyq_fadeIn\">of <\/span><span class=\"BZ_Pyq_fadeIn\">the <\/span><span class=\"hover:entity-accent entity-underline inline cursor-pointer align-baseline\"><span class=\"whitespace-normal\">Rome Bar Association<\/span><\/span> <span class=\"BZ_Pyq_fadeIn\">since <\/span><span class=\"BZ_Pyq_fadeIn\">2014.<\/span><\/p>\n<p data-start=\"611\" data-end=\"698\"><span class=\"BZ_Pyq_fadeIn\">He <\/span><span class=\"BZ_Pyq_fadeIn\">has <\/span><span class=\"BZ_Pyq_fadeIn\">participated <\/span><span class=\"BZ_Pyq_fadeIn\">as <\/span><span class=\"BZ_Pyq_fadeIn\">a <\/span><span class=\"BZ_Pyq_fadeIn\">speaker <\/span><span class=\"BZ_Pyq_fadeIn\">at <\/span><span class=\"BZ_Pyq_fadeIn\">conferences <\/span><span class=\"BZ_Pyq_fadeIn\">and <\/span><span class=\"BZ_Pyq_fadeIn\">seminars <\/span><span class=\"BZ_Pyq_fadeIn\">on I<\/span><span class=\"BZ_Pyq_fadeIn\">nternational T<\/span><span class=\"BZ_Pyq_fadeIn\">axation.<\/span><\/p>\n<p data-start=\"700\" data-end=\"877\"><span class=\"BZ_Pyq_fadeIn\">From <\/span><span class=\"BZ_Pyq_fadeIn\">2011 <\/span><span class=\"BZ_Pyq_fadeIn\">to <\/span><span class=\"BZ_Pyq_fadeIn\">2019 <\/span><span class=\"BZ_Pyq_fadeIn\">he <\/span><span class=\"BZ_Pyq_fadeIn\">worked<\/span><span class=\"BZ_Pyq_fadeIn\">\u00a0<\/span><span class=\"BZ_Pyq_fadeIn\">with <\/span><span class=\"hover:entity-accent entity-underline inline cursor-pointer align-baseline\"><span class=\"whitespace-normal\">Gabriele Escalar<\/span><\/span> <span class=\"BZ_Pyq_fadeIn\">at <\/span><em data-start=\"781\" data-end=\"817\"><span class=\"BZ_Pyq_fadeIn\">Studio <\/span><span class=\"BZ_Pyq_fadeIn\">Salvini <\/span><span class=\"BZ_Pyq_fadeIn\">Escalar <\/span><span class=\"BZ_Pyq_fadeIn\">e <\/span><span class=\"BZ_Pyq_fadeIn\">Associati<\/span><\/em><span class=\"BZ_Pyq_fadeIn\">, <\/span><span class=\"BZ_Pyq_fadeIn\">the <\/span><span class=\"BZ_Pyq_fadeIn\">firm <\/span><span class=\"BZ_Pyq_fadeIn\">founded <\/span><span class=\"BZ_Pyq_fadeIn\">by <\/span><span class=\"hover:entity-accent entity-underline inline cursor-pointer align-baseline\"><span class=\"whitespace-normal\">Franco Gallo<\/span><\/span><span class=\"BZ_Pyq_fadeIn\">.<\/span><\/p>\n<p data-start=\"879\" data-end=\"956\"><span class=\"BZ_Pyq_fadeIn\">He <\/span><span class=\"BZ_Pyq_fadeIn\">graduated <\/span><span class=\"BZ_Pyq_fadeIn\">cum <\/span><span class=\"BZ_Pyq_fadeIn\">laude<\/span> <span class=\"BZ_Pyq_fadeIn\">in <\/span><span class=\"BZ_Pyq_fadeIn\">Law <\/span><span class=\"BZ_Pyq_fadeIn\">from <\/span><span class=\"hover:entity-accent entity-underline inline cursor-pointer align-baseline\"><span class=\"whitespace-normal\">LUISS \u2013 Libera Universit\u00e0 Internazionale degli Studi Sociali Guido Carli<\/span><\/span><span class=\"BZ_Pyq_fadeIn\">.<\/span><\/p>\n<p>Languages: Italian, English<\/p>\n<p>He is the author of the following publications:<\/p>\n<ol>\n<li><a href=\"#\"><em>Profili tributari dei contratti pubblici<\/em><\/a>, in \u201cCommentario alla normativa sui contratti pubblici\u201d, a cura di Alessandro Botto e Simone Castrovinci Zenna, Giappichelli, 2024.<\/li>\n<\/ol>\n<p>[\/vc_column_text][\/vc_column][vc_column width=&#8221;1\/3&#8243; css=&#8221;.vc_custom_1484053228560{padding-left: 20px !important;}&#8221;][vc_row_inner css=&#8221;.vc_custom_1553283706654{border-top-width: 1px !important;border-right-width: 1px !important;border-bottom-width: 1px !important;border-left-width: 1px !important;padding-bottom: 15px !important;border-left-color: #e0e0e0 !important;border-left-style: solid !important;border-right-color: #e0e0e0 !important;border-right-style: solid !important;border-top-color: #e0e0e0 !important;border-top-style: solid !important;border-bottom-color: #e0e0e0 !important;border-bottom-style: solid !important;}&#8221;][vc_column_inner css=&#8221;.vc_custom_1524032408983{border-top-width: 1px !important;border-right-width: 1px !important;border-bottom-width: 1px !important;border-left-width: 1px !important;padding-top: 40px !important;padding-right: 28px !important;padding-bottom: 0px !important;padding-left: 32px !important;}&#8221;][vc_custom_heading text=&#8221;Contact details&#8221; font_container=&#8221;tag:h3|text_align:left&#8221; use_theme_fonts=&#8221;yes&#8221; css=&#8221;.vc_custom_1553283922616{margin-bottom: 5px !important;padding-bottom: 10px !important;}&#8221;][vc_column_text css=&#8221;.vc_custom_1554048909535{margin-bottom: 20px !important;padding-bottom: 0px !important;}&#8221;]You can contact Stefano Selbmann directly at the following addresses:[\/vc_column_text][cmsms_icon_box icon=&#8221;Theme-Default-Icons-mail-3&#8243; subtitle_tag=&#8221;p&#8221; uniqid=&#8221;cmsms_shcd_5ca0e796cfa874_86254191&#8243; custom_typography=&#8221;true&#8221; box_settings=&#8221;true&#8221; subtitle=&#8221;selbmann@escalar.it&#8221; icon_color=&#8221;#b59b27&#8243; icon_bg_color=&#8221;#ffffff&#8221; icon_bd_color=&#8221;#ffffff&#8221; icon_size=&#8221;20&#8243; icon_padding=&#8221;5&#8243; icon_gap=&#8221;5&#8243; css=&#8221;.vc_custom_1554048931401{margin-top: 0px !important;margin-right: 0px !important;margin-bottom: 0px !important;margin-left: 0px !important;}&#8221;][cmsms_icon_box icon=&#8221;Theme-Default-Icons-location-3&#8243; subtitle_tag=&#8221;p&#8221; uniqid=&#8221;cmsms_shcd_6040deea00d600_81095700&#8243; custom_typography=&#8221;true&#8221; box_settings=&#8221;true&#8221; subtitle=&#8221;Via Enrico Tazzoli 6 \u2013 00195 Roma&#8221; icon_color=&#8221;#b59b27&#8243; icon_bg_color=&#8221;#ffffff&#8221; icon_bd_color=&#8221;#ffffff&#8221; icon_size=&#8221;20&#8243; icon_padding=&#8221;5&#8243; icon_gap=&#8221;5&#8243; css=&#8221;.vc_custom_1614864112231{margin-top: 0px !important;margin-right: 0px !important;margin-bottom: 0px !important;margin-left: 0px !important;}&#8221;][cmsms_icon_box icon=&#8221;Theme-Default-Icons-phone-alt&#8221; subtitle_tag=&#8221;p&#8221; uniqid=&#8221;cmsms_shcd_5ca0e7c438d779_32956852&#8243; custom_typography=&#8221;true&#8221; box_settings=&#8221;true&#8221; subtitle=&#8221;+39 06 87 39 0002&#8243; icon_color=&#8221;#b59b27&#8243; icon_bg_color=&#8221;#ffffff&#8221; icon_bd_color=&#8221;#ffffff&#8221; icon_size=&#8221;20&#8243; icon_padding=&#8221;5&#8243; icon_gap=&#8221;5&#8243; css=&#8221;.vc_custom_1554048971816{margin-top: 0px !important;margin-right: 0px !important;margin-bottom: 0px !important;margin-left: 0px !important;}&#8221;][\/vc_column_inner][\/vc_row_inner][vc_row_inner][vc_column_inner][vc_custom_heading text=&#8221;Areas of Specialization&#8221; use_theme_fonts=&#8221;yes&#8221; css=&#8221;.vc_custom_1553542072587{margin-bottom: 40px !important;padding-bottom: 0px !important;}&#8221;][vc_basic_grid post_type=&#8221;project&#8221; max_items=&#8221;4&#8243; element_width=&#8221;12&#8243; gap=&#8221;20&#8243; orderby=&#8221;menu_order&#8221; order=&#8221;ASC&#8221; item=&#8221;2249&#8243; grid_id=&#8221;vc_gid:1772551018379-b6f76e9c-051c-8&#8243; exclude=&#8221;2726&#8243; taxonomies=&#8221;41&#8243;][\/vc_column_inner][\/vc_row_inner][\/vc_column][\/vc_row][vc_row full_width=&#8221;stretch_row&#8221; css=&#8221;.vc_custom_1554049434949{border-top-width: 1px !important;padding-top: 40px !important;padding-bottom: 25px !important;background-color: #fbfbfb !important;border-top-color: #e0e0e0 !important;border-top-style: solid !important;}&#8221;][vc_column][vc_custom_heading text=&#8221;Direct e-mail Contact&#8221; use_theme_fonts=&#8221;yes&#8221;]\n<div class=\"wpcf7 no-js\" id=\"wpcf7-f9087-o1\" lang=\"en-US\" dir=\"ltr\" data-wpcf7-id=\"9087\">\n<div class=\"screen-reader-response\"><p role=\"status\" aria-live=\"polite\" aria-atomic=\"true\"><\/p> <ul><\/ul><\/div>\n<form action=\"\/en\/wp-json\/wp\/v2\/pages\/11927#wpcf7-f9087-o1\" method=\"post\" class=\"wpcf7-form init\" aria-label=\"Contact form\" novalidate=\"novalidate\" data-status=\"init\">\n<fieldset class=\"hidden-fields-container\"><input type=\"hidden\" name=\"_wpcf7\" value=\"9087\" \/><input type=\"hidden\" name=\"_wpcf7_version\" value=\"6.1.5\" \/><input type=\"hidden\" name=\"_wpcf7_locale\" value=\"en_US\" \/><input type=\"hidden\" name=\"_wpcf7_unit_tag\" value=\"wpcf7-f9087-o1\" \/><input type=\"hidden\" name=\"_wpcf7_container_post\" value=\"0\" \/><input type=\"hidden\" name=\"_wpcf7_posted_data_hash\" value=\"\" \/><input type=\"hidden\" name=\"_wpcf7_recaptcha_response\" value=\"\" \/>\n<\/fieldset>\n<div class=\"cmsms_form\">\n\t<div class=\"cmsms_form_half\">\n\t\t<p><span class=\"wpcf7-form-control-wrap\" data-name=\"your-name\"><input size=\"40\" maxlength=\"400\" class=\"wpcf7-form-control wpcf7-text wpcf7-validates-as-required\" aria-required=\"true\" aria-invalid=\"false\" placeholder=\"Name\" value=\"\" type=\"text\" name=\"your-name\" \/><\/span>\n\t\t<\/p>\n\t<\/div>\n\t<div class=\"cmsms_form_half\">\n\t\t<p><span class=\"wpcf7-form-control-wrap\" data-name=\"your-surname\"><input size=\"40\" maxlength=\"400\" class=\"wpcf7-form-control wpcf7-text wpcf7-validates-as-required\" aria-required=\"true\" aria-invalid=\"false\" placeholder=\"Surname\" value=\"\" type=\"text\" name=\"your-surname\" \/><\/span>\n\t\t<\/p>\n\t<\/div>\n\t<div class=\"cmsms_form_full\">\n\t\t<p><span class=\"wpcf7-form-control-wrap\" data-name=\"your-email\"><input size=\"40\" maxlength=\"400\" class=\"wpcf7-form-control wpcf7-email wpcf7-validates-as-required wpcf7-text wpcf7-validates-as-email\" aria-required=\"true\" aria-invalid=\"false\" placeholder=\"E-mail\" value=\"\" type=\"email\" name=\"your-email\" \/><\/span>\n\t\t<\/p>\n\t<\/div>\n\t<div class=\"cmsms_form_full\">\n\t\t<p><span class=\"wpcf7-form-control-wrap\" data-name=\"your-subject\"><input size=\"40\" maxlength=\"400\" class=\"wpcf7-form-control wpcf7-text wpcf7-validates-as-required\" aria-required=\"true\" aria-invalid=\"false\" placeholder=\"Subject\" value=\"\" type=\"text\" name=\"your-subject\" \/><\/span>\n\t\t<\/p>\n\t<\/div>\n\t<div class=\"cmsms_form_full\">\n\t\t<p><span class=\"wpcf7-form-control-wrap\" data-name=\"your-message\"><textarea cols=\"40\" rows=\"10\" maxlength=\"2000\" class=\"wpcf7-form-control wpcf7-textarea wpcf7-validates-as-required\" aria-required=\"true\" aria-invalid=\"false\" placeholder=\"Your Message\" name=\"your-message\"><\/textarea><\/span>\n\t\t<\/p>\n\t<\/div>\n\t<div class=\"cmsms_form_full\">\n\t\t<p><label> <span class=\"wpcf7-form-control-wrap\" data-name=\"accettazione-privacy\"><span class=\"wpcf7-form-control wpcf7-acceptance\"><span class=\"wpcf7-list-item\"><label><input type=\"checkbox\" name=\"accettazione-privacy\" value=\"1\" aria-invalid=\"false\" \/><span class=\"wpcf7-list-item-label\">I have read and approved the <a href=\"https:\/\/escalar.it\/en\/privacy-policy\/\">privacy policy<\/a>.<\/span><\/label><\/span><\/span><\/span> <\/label>\n\t\t<\/p>\n\t<\/div>\n\t<div class=\"cmsms_form_full\">\n\t\t<p><input class=\"wpcf7-form-control wpcf7-submit has-spinner\" type=\"submit\" value=\"Submit\" \/>\n\t\t<\/p>\n\t<\/div>\n<\/div><p style=\"display: none !important;\" class=\"akismet-fields-container\" data-prefix=\"_wpcf7_ak_\"><label>&#916;<textarea name=\"_wpcf7_ak_hp_textarea\" cols=\"45\" rows=\"8\" maxlength=\"100\"><\/textarea><\/label><input type=\"hidden\" id=\"ak_js_1\" name=\"_wpcf7_ak_js\" value=\"83\"\/><script type=\"text\/javascript\">\n\/* <![CDATA[ *\/\ndocument.getElementById( \"ak_js_1\" ).setAttribute( \"value\", ( new Date() ).getTime() );\n\/* ]]> *\/\n<\/script>\n<\/p><div class=\"wpcf7-response-output\" aria-hidden=\"true\"><\/div>\n<\/form>\n<\/div>\n[\/vc_column][\/vc_row]<\/p>\n","protected":false},"excerpt":{"rendered":"<p>[vc_row css=&#8221;.vc_custom_1523972564928{padding-top: 70px !important;padding-bottom: 10px !important;}&#8221;][vc_column css=&#8221;.vc_custom_1523972438973{margin-bottom: 0px !important;}&#8221;][vc_custom_heading text=&#8221;Stefano Selbmann&#8221; use_theme_fonts=&#8221;yes&#8221; css=&#8221;.vc_custom_1553282634533{margin-bottom: 0px !important;padding-bottom: 0px !important;}&#8221;][vc_custom_heading text=&#8221;Partner, Attorney&#8221; font_container=&#8221;tag:h2|font_size:16|text_align:left|color:%23b59b27&#8243; use_theme_fonts=&#8221;yes&#8221; css=&#8221;.vc_custom_1554045432075{margin-top: 0px !important;margin-bottom: 0px !important;padding-bottom: 0px !important;}&#8221;][\/vc_column][\/vc_row][vc_row gap=&#8221;35&#8243; css=&#8221;.vc_custom_1523976294937{margin-top: 0px !important;padding-top: 0px !important;padding-bottom: 30px !important;}&#8221;][vc_column width=&#8221;2\/3&#8243; css=&#8221;.vc_custom_1523972492860{margin-top: 0px !important;padding-top: 0px !important;}&#8221;][vc_single_image image=&#8221;9696&#8243; img_size=&#8221;full&#8221;][vc_column_text]Stefano Selbmann is a Partner of Escalar e Associati Law Firm. He&#8230;<\/p>\n","protected":false},"author":4,"featured_media":0,"parent":11820,"menu_order":0,"comment_status":"closed","ping_status":"closed","template":"","meta":{"footnotes":""},"class_list":["post-11927","page","type-page","status-publish","hentry"],"yoast_head":"<!-- This site is optimized with the Yoast SEO plugin v27.5 - https:\/\/yoast.com\/product\/yoast-seo-wordpress\/ -->\n<title>Stefano Selbmann &#8211; Escalar e Associati<\/title>\n<meta name=\"description\" content=\"L&#039;avv. Stefano Selbmann, \u00e8 socio dello Studio Escalar e Associati e si occupa di fiscalit\u00e0 internazionale, d&#039;impresa e dei gruppi e fiscalit\u00e0 immobiliare.\" \/>\n<meta name=\"robots\" content=\"index, follow, max-snippet:-1, max-image-preview:large, max-video-preview:-1\" \/>\n<link rel=\"canonical\" href=\"https:\/\/escalar.it\/en\/our-attorneys\/stefano-selbmann\/\" \/>\n<meta property=\"og:locale\" content=\"en_US\" \/>\n<meta property=\"og:type\" content=\"article\" \/>\n<meta property=\"og:title\" content=\"Stefano Selbmann &#8211; Escalar e Associati\" \/>\n<meta property=\"og:description\" content=\"L&#039;avv. Stefano Selbmann, \u00e8 socio dello Studio Escalar e Associati e si occupa di fiscalit\u00e0 internazionale, d&#039;impresa e dei gruppi e fiscalit\u00e0 immobiliare.\" \/>\n<meta property=\"og:url\" content=\"https:\/\/escalar.it\/en\/our-attorneys\/stefano-selbmann\/\" \/>\n<meta property=\"og:site_name\" content=\"Escalar e Associati\" \/>\n<meta property=\"article:publisher\" content=\"https:\/\/www.facebook.com\/escalareassociati\/\" \/>\n<meta property=\"article:modified_time\" content=\"2026-03-13T11:49:27+00:00\" \/>\n<meta name=\"twitter:card\" content=\"summary_large_image\" \/>\n<meta name=\"twitter:label1\" content=\"Est. reading time\" \/>\n\t<meta name=\"twitter:data1\" content=\"3 minutes\" \/>\n<script type=\"application\/ld+json\" class=\"yoast-schema-graph\">{\"@context\":\"https:\\\/\\\/schema.org\",\"@graph\":[{\"@type\":\"WebPage\",\"@id\":\"https:\\\/\\\/escalar.it\\\/en\\\/our-attorneys\\\/stefano-selbmann\\\/\",\"url\":\"https:\\\/\\\/escalar.it\\\/en\\\/our-attorneys\\\/stefano-selbmann\\\/\",\"name\":\"Stefano Selbmann &#8211; Escalar e Associati\",\"isPartOf\":{\"@id\":\"https:\\\/\\\/escalar.it\\\/en\\\/#website\"},\"datePublished\":\"2019-03-22T19:24:54+00:00\",\"dateModified\":\"2026-03-13T11:49:27+00:00\",\"description\":\"L'avv. Stefano Selbmann, \u00e8 socio dello Studio Escalar e Associati e si occupa di fiscalit\u00e0 internazionale, d'impresa e dei gruppi e fiscalit\u00e0 immobiliare.\",\"breadcrumb\":{\"@id\":\"https:\\\/\\\/escalar.it\\\/en\\\/our-attorneys\\\/stefano-selbmann\\\/#breadcrumb\"},\"inLanguage\":\"en-US\",\"potentialAction\":[{\"@type\":\"ReadAction\",\"target\":[\"https:\\\/\\\/escalar.it\\\/en\\\/our-attorneys\\\/stefano-selbmann\\\/\"]}]},{\"@type\":\"BreadcrumbList\",\"@id\":\"https:\\\/\\\/escalar.it\\\/en\\\/our-attorneys\\\/stefano-selbmann\\\/#breadcrumb\",\"itemListElement\":[{\"@type\":\"ListItem\",\"position\":1,\"name\":\"Home\",\"item\":\"https:\\\/\\\/escalar.it\\\/en\\\/\"},{\"@type\":\"ListItem\",\"position\":2,\"name\":\"Our Attorneys\",\"item\":\"https:\\\/\\\/escalar.it\\\/en\\\/our-attorneys\\\/\"},{\"@type\":\"ListItem\",\"position\":3,\"name\":\"Stefano Selbmann\"}]},{\"@type\":\"WebSite\",\"@id\":\"https:\\\/\\\/escalar.it\\\/en\\\/#website\",\"url\":\"https:\\\/\\\/escalar.it\\\/en\\\/\",\"name\":\"Escalar e Associati\",\"description\":\"\",\"publisher\":{\"@id\":\"https:\\\/\\\/escalar.it\\\/en\\\/#organization\"},\"potentialAction\":[{\"@type\":\"SearchAction\",\"target\":{\"@type\":\"EntryPoint\",\"urlTemplate\":\"https:\\\/\\\/escalar.it\\\/en\\\/?s={search_term_string}\"},\"query-input\":{\"@type\":\"PropertyValueSpecification\",\"valueRequired\":true,\"valueName\":\"search_term_string\"}}],\"inLanguage\":\"en-US\"},{\"@type\":\"Organization\",\"@id\":\"https:\\\/\\\/escalar.it\\\/en\\\/#organization\",\"name\":\"Escalar e Associati - Studio Legale e Tributario\",\"url\":\"https:\\\/\\\/escalar.it\\\/en\\\/\",\"logo\":{\"@type\":\"ImageObject\",\"inLanguage\":\"en-US\",\"@id\":\"https:\\\/\\\/escalar.it\\\/en\\\/#\\\/schema\\\/logo\\\/image\\\/\",\"url\":\"https:\\\/\\\/escalar.it\\\/wp-content\\\/uploads\\\/2019\\\/03\\\/logo-big.png\",\"contentUrl\":\"https:\\\/\\\/escalar.it\\\/wp-content\\\/uploads\\\/2019\\\/03\\\/logo-big.png\",\"width\":1592,\"height\":655,\"caption\":\"Escalar e Associati - Studio Legale e Tributario\"},\"image\":{\"@id\":\"https:\\\/\\\/escalar.it\\\/en\\\/#\\\/schema\\\/logo\\\/image\\\/\"},\"sameAs\":[\"https:\\\/\\\/www.facebook.com\\\/escalareassociati\\\/\",\"https:\\\/\\\/www.linkedin.com\\\/company\\\/escalar-e-associati\\\/\"]}]}<\/script>\n<!-- \/ Yoast SEO plugin. -->","yoast_head_json":{"title":"Stefano Selbmann &#8211; Escalar e Associati","description":"L'avv. Stefano Selbmann, \u00e8 socio dello Studio Escalar e Associati e si occupa di fiscalit\u00e0 internazionale, d'impresa e dei gruppi e fiscalit\u00e0 immobiliare.","robots":{"index":"index","follow":"follow","max-snippet":"max-snippet:-1","max-image-preview":"max-image-preview:large","max-video-preview":"max-video-preview:-1"},"canonical":"https:\/\/escalar.it\/en\/our-attorneys\/stefano-selbmann\/","og_locale":"en_US","og_type":"article","og_title":"Stefano Selbmann &#8211; Escalar e Associati","og_description":"L'avv. Stefano Selbmann, \u00e8 socio dello Studio Escalar e Associati e si occupa di fiscalit\u00e0 internazionale, d'impresa e dei gruppi e fiscalit\u00e0 immobiliare.","og_url":"https:\/\/escalar.it\/en\/our-attorneys\/stefano-selbmann\/","og_site_name":"Escalar e Associati","article_publisher":"https:\/\/www.facebook.com\/escalareassociati\/","article_modified_time":"2026-03-13T11:49:27+00:00","twitter_card":"summary_large_image","twitter_misc":{"Est. reading time":"3 minutes"},"schema":{"@context":"https:\/\/schema.org","@graph":[{"@type":"WebPage","@id":"https:\/\/escalar.it\/en\/our-attorneys\/stefano-selbmann\/","url":"https:\/\/escalar.it\/en\/our-attorneys\/stefano-selbmann\/","name":"Stefano Selbmann &#8211; Escalar e Associati","isPartOf":{"@id":"https:\/\/escalar.it\/en\/#website"},"datePublished":"2019-03-22T19:24:54+00:00","dateModified":"2026-03-13T11:49:27+00:00","description":"L'avv. Stefano Selbmann, \u00e8 socio dello Studio Escalar e Associati e si occupa di fiscalit\u00e0 internazionale, d'impresa e dei gruppi e fiscalit\u00e0 immobiliare.","breadcrumb":{"@id":"https:\/\/escalar.it\/en\/our-attorneys\/stefano-selbmann\/#breadcrumb"},"inLanguage":"en-US","potentialAction":[{"@type":"ReadAction","target":["https:\/\/escalar.it\/en\/our-attorneys\/stefano-selbmann\/"]}]},{"@type":"BreadcrumbList","@id":"https:\/\/escalar.it\/en\/our-attorneys\/stefano-selbmann\/#breadcrumb","itemListElement":[{"@type":"ListItem","position":1,"name":"Home","item":"https:\/\/escalar.it\/en\/"},{"@type":"ListItem","position":2,"name":"Our Attorneys","item":"https:\/\/escalar.it\/en\/our-attorneys\/"},{"@type":"ListItem","position":3,"name":"Stefano Selbmann"}]},{"@type":"WebSite","@id":"https:\/\/escalar.it\/en\/#website","url":"https:\/\/escalar.it\/en\/","name":"Escalar e Associati","description":"","publisher":{"@id":"https:\/\/escalar.it\/en\/#organization"},"potentialAction":[{"@type":"SearchAction","target":{"@type":"EntryPoint","urlTemplate":"https:\/\/escalar.it\/en\/?s={search_term_string}"},"query-input":{"@type":"PropertyValueSpecification","valueRequired":true,"valueName":"search_term_string"}}],"inLanguage":"en-US"},{"@type":"Organization","@id":"https:\/\/escalar.it\/en\/#organization","name":"Escalar e Associati - Studio Legale e Tributario","url":"https:\/\/escalar.it\/en\/","logo":{"@type":"ImageObject","inLanguage":"en-US","@id":"https:\/\/escalar.it\/en\/#\/schema\/logo\/image\/","url":"https:\/\/escalar.it\/wp-content\/uploads\/2019\/03\/logo-big.png","contentUrl":"https:\/\/escalar.it\/wp-content\/uploads\/2019\/03\/logo-big.png","width":1592,"height":655,"caption":"Escalar e Associati - Studio Legale e Tributario"},"image":{"@id":"https:\/\/escalar.it\/en\/#\/schema\/logo\/image\/"},"sameAs":["https:\/\/www.facebook.com\/escalareassociati\/","https:\/\/www.linkedin.com\/company\/escalar-e-associati\/"]}]}},"_links":{"self":[{"href":"https:\/\/escalar.it\/en\/wp-json\/wp\/v2\/pages\/11927","targetHints":{"allow":["GET"]}}],"collection":[{"href":"https:\/\/escalar.it\/en\/wp-json\/wp\/v2\/pages"}],"about":[{"href":"https:\/\/escalar.it\/en\/wp-json\/wp\/v2\/types\/page"}],"author":[{"embeddable":true,"href":"https:\/\/escalar.it\/en\/wp-json\/wp\/v2\/users\/4"}],"replies":[{"embeddable":true,"href":"https:\/\/escalar.it\/en\/wp-json\/wp\/v2\/comments?post=11927"}],"version-history":[{"count":5,"href":"https:\/\/escalar.it\/en\/wp-json\/wp\/v2\/pages\/11927\/revisions"}],"predecessor-version":[{"id":12068,"href":"https:\/\/escalar.it\/en\/wp-json\/wp\/v2\/pages\/11927\/revisions\/12068"}],"up":[{"embeddable":true,"href":"https:\/\/escalar.it\/en\/wp-json\/wp\/v2\/pages\/11820"}],"wp:attachment":[{"href":"https:\/\/escalar.it\/en\/wp-json\/wp\/v2\/media?parent=11927"}],"curies":[{"name":"wp","href":"https:\/\/api.w.org\/{rel}","templated":true}]}}